{"id":25075,"date":"2025-08-26T00:05:01","date_gmt":"2025-08-26T05:05:01","guid":{"rendered":"https:\/\/pedidos.co\/tienda\/?post_type=product&#038;p=25075"},"modified":"2026-09-03T14:08:35","modified_gmt":"2026-09-03T19:08:35","slug":"protector-privacidad-para-rayban-meta","status":"publish","type":"product","link":"https:\/\/pedidos.co\/tienda\/producto\/protector-privacidad-para-rayban-meta\/","title":{"rendered":"Protector Privacidad para Rayban Meta"},"content":{"rendered":"<p><span class=\"HwtZe\" lang=\"es\"><span class=\"jCAhz ChMk0b\"><span class=\"ryNqvb\"><strong>OCULTA LA LUZ DEL INDICADOR DE GRABACION DE LAS RAYBAN META<\/strong><\/span><\/span><\/span><\/p>\n<p>Dise\u00f1ado para uso diario Privacidad donde quiera que vayas. Perfectas para el trabajo, viajes o salidas informales: estas cubiertas brindan privacidad sin sacrificar la comodidad ni la funcionalidad.<\/p>\n<p><span style=\"color: #ff0000;\"><strong>Modelo Fijo:<\/strong><\/span><\/p>\n<figure id=\"attachment_25458\" aria-describedby=\"caption-attachment-25458\" style=\"width: 164px\" class=\"wp-caption alignnone\"><a href=\"https:\/\/pedidos.co\/tienda\/wp-content\/uploads\/2025\/08\/protector-raybanmeta-bogota.png\" target=\"_blank\" rel=\"noopener\"><img loading=\"lazy\" decoding=\"async\" class=\"wp-image-25458\" src=\"https:\/\/pedidos.co\/tienda\/wp-content\/uploads\/2025\/08\/protector-raybanmeta-bogota-300x300.png\" alt=\"Protector Rayban Meta Colombia\" width=\"164\" height=\"164\" srcset=\"https:\/\/pedidos.co\/tienda\/wp-content\/uploads\/2025\/08\/protector-raybanmeta-bogota-300x300.png 300w, https:\/\/pedidos.co\/tienda\/wp-content\/uploads\/2025\/08\/protector-raybanmeta-bogota-150x150.png 150w, https:\/\/pedidos.co\/tienda\/wp-content\/uploads\/2025\/08\/protector-raybanmeta-bogota-768x768.png 768w, https:\/\/pedidos.co\/tienda\/wp-content\/uploads\/2025\/08\/protector-raybanmeta-bogota-180x180.png 180w, https:\/\/pedidos.co\/tienda\/wp-content\/uploads\/2025\/08\/protector-raybanmeta-bogota-46x46.png 46w, https:\/\/pedidos.co\/tienda\/wp-content\/uploads\/2025\/08\/protector-raybanmeta-bogota-324x324.png 324w, https:\/\/pedidos.co\/tienda\/wp-content\/uploads\/2025\/08\/protector-raybanmeta-bogota-416x416.png 416w, https:\/\/pedidos.co\/tienda\/wp-content\/uploads\/2025\/08\/protector-raybanmeta-bogota-100x100.png 100w, https:\/\/pedidos.co\/tienda\/wp-content\/uploads\/2025\/08\/protector-raybanmeta-bogota.png 800w\" sizes=\"auto, (max-width: 164px) 100vw, 164px\" \/><\/a><figcaption id=\"caption-attachment-25458\" class=\"wp-caption-text\">Modelo Fijo<\/figcaption><\/figure>\n<p>Coloca el protector con el agujero lateral hacia arriba para que entre la luz, este modelo es el que tapa completamente el sensor de luz sin tener que estar moviendo nada. El modelo Fijo funciona mejor ubic\u00e1ndose debajo de fuentes de luz ejemplo luz solar, lamparas de alumbrado p\u00fablico, bombillos. La luz entra por arriba.<\/p>\n<div class=\"mceTemp\"><\/div>\n<p><span style=\"color: #ff0000;\"><strong>Modelo Fijo V2<\/strong>:<\/span><\/p>\n<figure id=\"attachment_25466\" aria-describedby=\"caption-attachment-25466\" style=\"width: 185px\" class=\"wp-caption alignnone\"><a href=\"https:\/\/pedidos.co\/tienda\/wp-content\/uploads\/2025\/08\/protector-v2-rayban-meta-2.jpeg\" target=\"_blank\" rel=\"noopener\"><img loading=\"lazy\" decoding=\"async\" class=\"wp-image-25466\" src=\"https:\/\/pedidos.co\/tienda\/wp-content\/uploads\/2025\/08\/protector-v2-rayban-meta-2-300x300.jpeg\" alt=\"Protector Rayban Meta\" width=\"185\" height=\"185\" srcset=\"https:\/\/pedidos.co\/tienda\/wp-content\/uploads\/2025\/08\/protector-v2-rayban-meta-2-300x300.jpeg 300w, https:\/\/pedidos.co\/tienda\/wp-content\/uploads\/2025\/08\/protector-v2-rayban-meta-2-150x150.jpeg 150w, https:\/\/pedidos.co\/tienda\/wp-content\/uploads\/2025\/08\/protector-v2-rayban-meta-2-768x768.jpeg 768w, https:\/\/pedidos.co\/tienda\/wp-content\/uploads\/2025\/08\/protector-v2-rayban-meta-2-180x180.jpeg 180w, https:\/\/pedidos.co\/tienda\/wp-content\/uploads\/2025\/08\/protector-v2-rayban-meta-2-46x46.jpeg 46w, https:\/\/pedidos.co\/tienda\/wp-content\/uploads\/2025\/08\/protector-v2-rayban-meta-2-324x324.jpeg 324w, https:\/\/pedidos.co\/tienda\/wp-content\/uploads\/2025\/08\/protector-v2-rayban-meta-2-416x416.jpeg 416w, https:\/\/pedidos.co\/tienda\/wp-content\/uploads\/2025\/08\/protector-v2-rayban-meta-2-100x100.jpeg 100w, https:\/\/pedidos.co\/tienda\/wp-content\/uploads\/2025\/08\/protector-v2-rayban-meta-2.jpeg 960w\" sizes=\"auto, (max-width: 185px) 100vw, 185px\" \/><\/a><figcaption id=\"caption-attachment-25466\" class=\"wp-caption-text\">Modelo Fijo V2<\/figcaption><\/figure>\n<p>Coloca el protector con el circulo oscuro hac\u00eda abajo para que entre la luz, este modelo tapa parcialmente el sensor de luz sin tener que estar moviendo nada. El modelo Fijo V2 funciona mejor de d\u00eda, en entornos oscuros es posible que se vea un poco el destello de luz. La luz entra por delante.<\/p>\n<div class=\"mceTemp\"><\/div>\n<p><span style=\"color: #ff0000;\"><strong>Modelo Giratorio:<\/strong><\/span><\/p>\n<figure id=\"attachment_25076\" aria-describedby=\"caption-attachment-25076\" style=\"width: 186px\" class=\"wp-caption alignnone\"><a href=\"https:\/\/pedidos.co\/tienda\/wp-content\/uploads\/2025\/08\/protector-rayban-meta-colombia.jpg\" target=\"_blank\" rel=\"noopener\"><img loading=\"lazy\" decoding=\"async\" class=\"wp-image-25076\" src=\"https:\/\/pedidos.co\/tienda\/wp-content\/uploads\/2025\/08\/protector-rayban-meta-colombia-300x281.jpg\" alt=\"\" width=\"186\" height=\"174\" srcset=\"https:\/\/pedidos.co\/tienda\/wp-content\/uploads\/2025\/08\/protector-rayban-meta-colombia-300x281.jpg 300w, https:\/\/pedidos.co\/tienda\/wp-content\/uploads\/2025\/08\/protector-rayban-meta-colombia-416x390.jpg 416w, https:\/\/pedidos.co\/tienda\/wp-content\/uploads\/2025\/08\/protector-rayban-meta-colombia.jpg 679w\" sizes=\"auto, (max-width: 186px) 100vw, 186px\" \/><\/a><figcaption id=\"caption-attachment-25076\" class=\"wp-caption-text\">Modelo Giratorio<\/figcaption><\/figure>\n<p>Gira el protector hacia arriba para descubrir el sensor de luz de la c\u00e1mara y empezar a grabar videos. G\u00edralo hacia abajo y contin\u00faa grabando garantiza total privacidad ocultando el led de grabaci\u00f3n. La luz entra cuando se destapa unicamente.<\/p>\n<p>&nbsp;<\/p>\n<p><strong>Privacidad total<\/strong><br \/>\nProtector para el sensor de luz de la c\u00e1mara. En el modelo <span class=\"jCAhz ChMk0b\"><span class=\"ryNqvb\">en el modelo fijo debe entrar la luz por la parte superior, en el modelo fijo V2 debe entrar la luz por delante, en el modelo <\/span><\/span>giratorio\u00a0<span class=\"jCAhz ChMk0b\"><span class=\"ryNqvb\">G\u00edralo hacia arriba para que entre la luz y hac\u00eda abajo para garantizar total privacidad ocultando el led de grabaci\u00f3n.<\/span><\/span> <span class=\"jCAhz ChMk0b\"><span class=\"ryNqvb\">Dise\u00f1ados para las gafas inteligentes Rayban Meta: compatible con los modelos Wayfarer, Skyler y Headliner, Oakley Meta.<\/span><\/span><\/p>\n<p><span class=\"HwtZe\" lang=\"es\"><span class=\"jCAhz ChMk0b\"><span class=\"ryNqvb\"><strong>Dise\u00f1ado para uso diario<\/strong><br \/>\nEl protector de privacidad para gafas meta\u00a0 te brinda control flexible sobre el sensor de luz led de la c\u00e1mara de tus gafas inteligentes; puedes cambiar f\u00e1cilmente el bloqueo de acceso seg\u00fan lo necesites.<\/span><\/span><\/span><\/p>\n<p><strong>Dise\u00f1o compatible con la cubierta de luz LED<\/strong><br \/>\nDise\u00f1ado como un accesorio de f\u00e1cil instalaci\u00f3n para las gafas Rayban Meta, con el protector de luz LED ocultas la luz de grabaci\u00f3n. <span class=\"jCAhz\">Ideal para quienes buscan bloquear la luz LED de las gafas Ray-Ban Meta sin modificaciones permanentes o da\u00f1os al sensor.<\/span><span class=\"jCAhz\">\u00a0Una opci\u00f3n de cubierta adhesiva dise\u00f1ada como alternativa a la perforaci\u00f3n o la extracci\u00f3n de las luces LED de las gafas Ray-Ban Meta.<span class=\"jCAhz\">\u00a0<\/span><br \/>\n<\/span><span class=\"jCAhz\"><br \/>\n<strong>Ajuste universal para gafas Rayban Meta<\/strong><br \/>\nConstrucci\u00f3n ligera y a presi\u00f3n para un uso f\u00e1cil con la mayor\u00eda de las gafas inteligentes Ray-Ban Meta.<\/span> <span class=\"jCAhz\">Una excelente opci\u00f3n para quienes buscan cubrir el sensor de luz de las Ray-Ban Meta, manteniendo la comodidad y la portabilidad.<\/span><\/p>\n<p><strong>Alternativa discreta para bloquear la luz LED<\/strong><br \/>\nUn pr\u00e1ctico accesorio que ayuda a reducir la sobreexposici\u00f3n con un efecto de tinte de luz LED y capacidad para bloquear la luz LED. Tapa la luz. Ideal para viajes, uso diario y para mantener tu privacidad mientras viajas.<\/p>\n<p><strong>Ajuste perfecto para las gafas inteligentes Meta<\/strong><br \/>\n<span class=\"HwtZe\" lang=\"es\"><span class=\"jCAhz ChMk0b\"><span class=\"ryNqvb\"><span class=\"jCAhz\">Funciona a la perfecci\u00f3n con los modelos Wayfarer, Skyler y Headliner. \u00a0Disfruta de una compatibilidad impecable sin comprometer el rendimiento. Esta cubierta tiene un contorno preciso para evitar bloquear la c\u00e1mara, el puerto de carga o el lente, lo que garantiza un uso ininterrumpido y un almacenamiento perfecto.<\/span><\/span><\/span><\/span><\/p>\n<p><img loading=\"lazy\" decoding=\"async\" class=\"alignnone wp-image-25077 size-full\" src=\"https:\/\/pedidos.co\/tienda\/wp-content\/uploads\/2025\/08\/protector-rayban-meta-colombia1.png\" alt=\"\" width=\"970\" height=\"600\" srcset=\"https:\/\/pedidos.co\/tienda\/wp-content\/uploads\/2025\/08\/protector-rayban-meta-colombia1.png 970w, https:\/\/pedidos.co\/tienda\/wp-content\/uploads\/2025\/08\/protector-rayban-meta-colombia1-300x186.png 300w, https:\/\/pedidos.co\/tienda\/wp-content\/uploads\/2025\/08\/protector-rayban-meta-colombia1-768x475.png 768w, https:\/\/pedidos.co\/tienda\/wp-content\/uploads\/2025\/08\/protector-rayban-meta-colombia1-416x257.png 416w\" sizes=\"auto, (max-width: 970px) 100vw, 970px\" \/><\/p>\n<p><span class=\"jCAhz\">Su dise\u00f1o delgado y ligero se integra perfectamente en el estuche de carga original sin presionar la bisagra ni la c\u00e1mara.<\/span> El Protector se instala f\u00e1cilmente y se mantiene compacto, permitiendo que tus gafas Meta Ray-Ban encajen perfectamente en el estuche oficial. <span class=\"jCAhz\">No es necesario quitarlo para guardarlas ni cargarlas.<\/span><\/p>\n","protected":false},"excerpt":{"rendered":"<p><span class=\"HwtZe\" lang=\"es\"><span class=\"jCAhz ChMk0b\"><span class=\"ryNqvb\"><span class=\"jCAhz\">PROTECTOR PARA OCULTAR LA LUZ DEL INDICADOR DE GRABACION DE LAS GAFAS RAYBAN META EN COLOMBIA.<\/span><\/span><\/span><\/span><\/p>\n<p>Dise\u00f1ado para las gafas inteligentes Rayban Meta: compatible con los modelos Wayfarer, Skyler,\u00a0 Headliner de primera, segunda generaci\u00f3n y Oakley Meta.<\/p>\n","protected":false},"featured_media":25458,"comment_status":"closed","ping_status":"closed","template":"","meta":{"_joinchat":[]},"product_brand":[],"product_cat":[120],"product_tag":[769,718],"class_list":["post-25075","product","type-product","status-publish","has-post-thumbnail","product_cat-remates","product_tag-protector-luz","product_tag-rayban","product_shipping_class-bajocosto","ts_product_brand-rayban","first","instock","sale","shipping-taxable","purchasable","product-type-variable"],"yoast_head":"<!-- This site is optimized with the Yoast SEO Premium plugin v27.6 (Yoast SEO v27.6) - https:\/\/yoast.com\/product\/yoast-seo-premium-wordpress\/ -->\n<title>Protector Privacidad para Rayban Meta - Pedidos.co Tienda<\/title>\n<meta name=\"robots\" content=\"index, follow, max-snippet:-1, max-image-preview:large, max-video-preview:-1\" \/>\n<link rel=\"canonical\" href=\"https:\/\/pedidos.co\/tienda\/producto\/protector-privacidad-para-rayban-meta\/\" \/>\n<meta property=\"og:locale\" content=\"es_ES\" \/>\n<meta property=\"og:type\" content=\"article\" \/>\n<meta property=\"og:title\" content=\"Protector Privacidad para Rayban Meta\" \/>\n<meta property=\"og:description\" content=\"PROTECTOR PARA OCULTAR LA LUZ DEL INDICADOR DE GRABACION DE LAS GAFAS RAYBAN META EN COLOMBIA.  Dise\u00f1ado para las gafas inteligentes Rayban Meta: compatible con los modelos Wayfarer, Skyler,\u00a0 Headliner de primera, segunda generaci\u00f3n y Oakley Meta.\" \/>\n<meta property=\"og:url\" content=\"https:\/\/pedidos.co\/tienda\/producto\/protector-privacidad-para-rayban-meta\/\" \/>\n<meta property=\"og:site_name\" content=\"Pedidos.co Tienda\" \/>\n<meta property=\"article:modified_time\" content=\"2026-09-03T19:08:35+00:00\" \/>\n<meta property=\"og:image\" content=\"https:\/\/pedidos.co\/tienda\/wp-content\/uploads\/2025\/08\/protector-raybanmeta-bogota.png\" \/>\n\t<meta property=\"og:image:width\" content=\"800\" \/>\n\t<meta property=\"og:image:height\" content=\"800\" \/>\n\t<meta property=\"og:image:type\" content=\"image\/png\" \/>\n<meta name=\"twitter:card\" content=\"summary_large_image\" \/>\n<meta name=\"twitter:site\" content=\"@pedidosco\" \/>\n<meta name=\"twitter:label1\" content=\"Disponibilidad\" \/>\n\t<meta name=\"twitter:data1\" content=\"Disponible\" \/>\n<script type=\"application\/ld+json\" class=\"yoast-schema-graph\">{\"@context\":\"https:\\\/\\\/schema.org\",\"@graph\":[{\"@type\":\"WebPage\",\"@id\":\"https:\\\/\\\/pedidos.co\\\/tienda\\\/producto\\\/protector-privacidad-para-rayban-meta\\\/\",\"url\":\"https:\\\/\\\/pedidos.co\\\/tienda\\\/producto\\\/protector-privacidad-para-rayban-meta\\\/\",\"name\":\"Protector Privacidad para Rayban Meta - Pedidos.co Tienda\",\"isPartOf\":{\"@id\":\"https:\\\/\\\/pedidos.co\\\/tienda\\\/#website\"},\"primaryImageOfPage\":{\"@id\":\"https:\\\/\\\/pedidos.co\\\/tienda\\\/producto\\\/protector-privacidad-para-rayban-meta\\\/#primaryimage\"},\"image\":{\"@id\":\"https:\\\/\\\/pedidos.co\\\/tienda\\\/producto\\\/protector-privacidad-para-rayban-meta\\\/#primaryimage\"},\"thumbnailUrl\":\"https:\\\/\\\/pedidos.co\\\/tienda\\\/wp-content\\\/uploads\\\/2025\\\/08\\\/protector-raybanmeta-bogota.png\",\"datePublished\":\"2025-08-26T05:05:01+00:00\",\"dateModified\":\"2026-09-03T19:08:35+00:00\",\"breadcrumb\":{\"@id\":\"https:\\\/\\\/pedidos.co\\\/tienda\\\/producto\\\/protector-privacidad-para-rayban-meta\\\/#breadcrumb\"},\"inLanguage\":\"es\",\"potentialAction\":[{\"@type\":\"ReadAction\",\"target\":[\"https:\\\/\\\/pedidos.co\\\/tienda\\\/producto\\\/protector-privacidad-para-rayban-meta\\\/\"]}]},{\"@type\":\"ImageObject\",\"inLanguage\":\"es\",\"@id\":\"https:\\\/\\\/pedidos.co\\\/tienda\\\/producto\\\/protector-privacidad-para-rayban-meta\\\/#primaryimage\",\"url\":\"https:\\\/\\\/pedidos.co\\\/tienda\\\/wp-content\\\/uploads\\\/2025\\\/08\\\/protector-raybanmeta-bogota.png\",\"contentUrl\":\"https:\\\/\\\/pedidos.co\\\/tienda\\\/wp-content\\\/uploads\\\/2025\\\/08\\\/protector-raybanmeta-bogota.png\",\"width\":800,\"height\":800,\"caption\":\"Protector Rayban Meta Colombia\"},{\"@type\":\"BreadcrumbList\",\"@id\":\"https:\\\/\\\/pedidos.co\\\/tienda\\\/producto\\\/protector-privacidad-para-rayban-meta\\\/#breadcrumb\",\"itemListElement\":[{\"@type\":\"ListItem\",\"position\":1,\"name\":\"Portada\",\"item\":\"https:\\\/\\\/pedidos.co\\\/tienda\\\/\"},{\"@type\":\"ListItem\",\"position\":2,\"name\":\"Productos\",\"item\":\"https:\\\/\\\/pedidos.co\\\/tienda\\\/productos\\\/\"},{\"@type\":\"ListItem\",\"position\":3,\"name\":\"Protector Privacidad para Rayban Meta\"}]},{\"@type\":\"WebSite\",\"@id\":\"https:\\\/\\\/pedidos.co\\\/tienda\\\/#website\",\"url\":\"https:\\\/\\\/pedidos.co\\\/tienda\\\/\",\"name\":\"Pedidos.co Tienda\",\"description\":\"Tienda en l\u00ednea Pedidos.co\",\"publisher\":{\"@id\":\"https:\\\/\\\/pedidos.co\\\/tienda\\\/#organization\"},\"potentialAction\":[{\"@type\":\"SearchAction\",\"target\":{\"@type\":\"EntryPoint\",\"urlTemplate\":\"https:\\\/\\\/pedidos.co\\\/tienda\\\/?s={search_term_string}\"},\"query-input\":{\"@type\":\"PropertyValueSpecification\",\"valueRequired\":true,\"valueName\":\"search_term_string\"}}],\"inLanguage\":\"es\"},{\"@type\":\"Organization\",\"@id\":\"https:\\\/\\\/pedidos.co\\\/tienda\\\/#organization\",\"name\":\"PEDIDOS.CO\",\"url\":\"https:\\\/\\\/pedidos.co\\\/tienda\\\/\",\"logo\":{\"@type\":\"ImageObject\",\"inLanguage\":\"es\",\"@id\":\"https:\\\/\\\/pedidos.co\\\/tienda\\\/#\\\/schema\\\/logo\\\/image\\\/\",\"url\":\"https:\\\/\\\/pedidos.co\\\/tienda\\\/wp-content\\\/uploads\\\/2018\\\/09\\\/pedidosco.gif\",\"contentUrl\":\"https:\\\/\\\/pedidos.co\\\/tienda\\\/wp-content\\\/uploads\\\/2018\\\/09\\\/pedidosco.gif\",\"width\":201,\"height\":201,\"caption\":\"PEDIDOS.CO\"},\"image\":{\"@id\":\"https:\\\/\\\/pedidos.co\\\/tienda\\\/#\\\/schema\\\/logo\\\/image\\\/\"},\"sameAs\":[\"https:\\\/\\\/x.com\\\/pedidosco\",\"https:\\\/\\\/instagram.com\\\/pedidosco\"]}]}<\/script>\n<meta property=\"og:availability\" content=\"instock\" \/>\n<meta property=\"product:availability\" content=\"instock\" \/>\n<meta property=\"product:condition\" content=\"new\" \/>\n<!-- \/ Yoast SEO Premium plugin. -->","yoast_head_json":{"title":"Protector Privacidad para Rayban Meta - Pedidos.co Tienda","robots":{"index":"index","follow":"follow","max-snippet":"max-snippet:-1","max-image-preview":"max-image-preview:large","max-video-preview":"max-video-preview:-1"},"canonical":"https:\/\/pedidos.co\/tienda\/producto\/protector-privacidad-para-rayban-meta\/","og_locale":"es_ES","og_type":"article","og_title":"Protector Privacidad para Rayban Meta","og_description":"PROTECTOR PARA OCULTAR LA LUZ DEL INDICADOR DE GRABACION DE LAS GAFAS RAYBAN META EN COLOMBIA.  Dise\u00f1ado para las gafas inteligentes Rayban Meta: compatible con los modelos Wayfarer, Skyler,\u00a0 Headliner de primera, segunda generaci\u00f3n y Oakley Meta.","og_url":"https:\/\/pedidos.co\/tienda\/producto\/protector-privacidad-para-rayban-meta\/","og_site_name":"Pedidos.co Tienda","article_modified_time":"2026-09-03T19:08:35+00:00","og_image":[{"width":800,"height":800,"url":"https:\/\/pedidos.co\/tienda\/wp-content\/uploads\/2025\/08\/protector-raybanmeta-bogota.png","type":"image\/png"}],"twitter_card":"summary_large_image","twitter_site":"@pedidosco","twitter_misc":{"Disponibilidad":"Disponible"},"schema":{"@context":"https:\/\/schema.org","@graph":[{"@type":"WebPage","@id":"https:\/\/pedidos.co\/tienda\/producto\/protector-privacidad-para-rayban-meta\/","url":"https:\/\/pedidos.co\/tienda\/producto\/protector-privacidad-para-rayban-meta\/","name":"Protector Privacidad para Rayban Meta - Pedidos.co Tienda","isPartOf":{"@id":"https:\/\/pedidos.co\/tienda\/#website"},"primaryImageOfPage":{"@id":"https:\/\/pedidos.co\/tienda\/producto\/protector-privacidad-para-rayban-meta\/#primaryimage"},"image":{"@id":"https:\/\/pedidos.co\/tienda\/producto\/protector-privacidad-para-rayban-meta\/#primaryimage"},"thumbnailUrl":"https:\/\/pedidos.co\/tienda\/wp-content\/uploads\/2025\/08\/protector-raybanmeta-bogota.png","datePublished":"2025-08-26T05:05:01+00:00","dateModified":"2026-09-03T19:08:35+00:00","breadcrumb":{"@id":"https:\/\/pedidos.co\/tienda\/producto\/protector-privacidad-para-rayban-meta\/#breadcrumb"},"inLanguage":"es","potentialAction":[{"@type":"ReadAction","target":["https:\/\/pedidos.co\/tienda\/producto\/protector-privacidad-para-rayban-meta\/"]}]},{"@type":"ImageObject","inLanguage":"es","@id":"https:\/\/pedidos.co\/tienda\/producto\/protector-privacidad-para-rayban-meta\/#primaryimage","url":"https:\/\/pedidos.co\/tienda\/wp-content\/uploads\/2025\/08\/protector-raybanmeta-bogota.png","contentUrl":"https:\/\/pedidos.co\/tienda\/wp-content\/uploads\/2025\/08\/protector-raybanmeta-bogota.png","width":800,"height":800,"caption":"Protector Rayban Meta Colombia"},{"@type":"BreadcrumbList","@id":"https:\/\/pedidos.co\/tienda\/producto\/protector-privacidad-para-rayban-meta\/#breadcrumb","itemListElement":[{"@type":"ListItem","position":1,"name":"Portada","item":"https:\/\/pedidos.co\/tienda\/"},{"@type":"ListItem","position":2,"name":"Productos","item":"https:\/\/pedidos.co\/tienda\/productos\/"},{"@type":"ListItem","position":3,"name":"Protector Privacidad para Rayban Meta"}]},{"@type":"WebSite","@id":"https:\/\/pedidos.co\/tienda\/#website","url":"https:\/\/pedidos.co\/tienda\/","name":"Pedidos.co Tienda","description":"Tienda en l\u00ednea Pedidos.co","publisher":{"@id":"https:\/\/pedidos.co\/tienda\/#organization"},"potentialAction":[{"@type":"SearchAction","target":{"@type":"EntryPoint","urlTemplate":"https:\/\/pedidos.co\/tienda\/?s={search_term_string}"},"query-input":{"@type":"PropertyValueSpecification","valueRequired":true,"valueName":"search_term_string"}}],"inLanguage":"es"},{"@type":"Organization","@id":"https:\/\/pedidos.co\/tienda\/#organization","name":"PEDIDOS.CO","url":"https:\/\/pedidos.co\/tienda\/","logo":{"@type":"ImageObject","inLanguage":"es","@id":"https:\/\/pedidos.co\/tienda\/#\/schema\/logo\/image\/","url":"https:\/\/pedidos.co\/tienda\/wp-content\/uploads\/2018\/09\/pedidosco.gif","contentUrl":"https:\/\/pedidos.co\/tienda\/wp-content\/uploads\/2018\/09\/pedidosco.gif","width":201,"height":201,"caption":"PEDIDOS.CO"},"image":{"@id":"https:\/\/pedidos.co\/tienda\/#\/schema\/logo\/image\/"},"sameAs":["https:\/\/x.com\/pedidosco","https:\/\/instagram.com\/pedidosco"]}]},"og_availability":"instock","product_availability":"instock","product_condition":"new"},"jetpack_sharing_enabled":true,"_links":{"self":[{"href":"https:\/\/pedidos.co\/tienda\/wp-json\/wp\/v2\/product\/25075","targetHints":{"allow":["GET"]}}],"collection":[{"href":"https:\/\/pedidos.co\/tienda\/wp-json\/wp\/v2\/product"}],"about":[{"href":"https:\/\/pedidos.co\/tienda\/wp-json\/wp\/v2\/types\/product"}],"replies":[{"embeddable":true,"href":"https:\/\/pedidos.co\/tienda\/wp-json\/wp\/v2\/comments?post=25075"}],"wp:featuredmedia":[{"embeddable":true,"href":"https:\/\/pedidos.co\/tienda\/wp-json\/wp\/v2\/media\/25458"}],"wp:attachment":[{"href":"https:\/\/pedidos.co\/tienda\/wp-json\/wp\/v2\/media?parent=25075"}],"wp:term":[{"taxonomy":"product_brand","embeddable":true,"href":"https:\/\/pedidos.co\/tienda\/wp-json\/wp\/v2\/product_brand?post=25075"},{"taxonomy":"product_cat","embeddable":true,"href":"https:\/\/pedidos.co\/tienda\/wp-json\/wp\/v2\/product_cat?post=25075"},{"taxonomy":"product_tag","embeddable":true,"href":"https:\/\/pedidos.co\/tienda\/wp-json\/wp\/v2\/product_tag?post=25075"}],"curies":[{"name":"wp","href":"https:\/\/api.w.org\/{rel}","templated":true}]}}